{"id":782,"date":"2014-06-29T19:22:00","date_gmt":"2014-06-29T18:22:00","guid":{"rendered":"http:\/\/emhuisken.de\/wordpress\/musik\/infos\/"},"modified":"2023-07-13T16:45:26","modified_gmt":"2023-07-13T15:45:26","slug":"download","status":"publish","type":"page","link":"https:\/\/emhuisken.de\/wordpress\/uebermich\/download\/","title":{"rendered":"Download"},"content":{"rendered":"<div class=\"pdfprnt-buttons pdfprnt-buttons-page pdfprnt-top-right\"><a href=\"https:\/\/emhuisken.de\/wordpress\/wp-json\/wp\/v2\/pages\/782?print=print\" class=\"pdfprnt-button pdfprnt-button-print\" target=\"_blank\" ><img decoding=\"async\" src=\"https:\/\/emhuisken.de\/wordpress\/wp-content\/plugins\/pdf-print\/images\/print.png\" alt=\"image_print\" title=\"Print Content\" \/><span class=\"pdfprnt-button-title pdfprnt-button-print-title\">F\u00fcr l\u00e4ngere Texte empfehle ich vorherigen Ausdruck<\/span><\/a><\/div><p>Hier gibt es Infos und Downloads f\u00fcr alle, die daran Interesse haben. Hoch aufgel\u00f6ste Fotos kann man \u00fcber die Diaschau rechts downloaden. Musik und Videos findet man <strong><a href=\"http:\/\/emhuisken.de\/musikvideos\/\" target=\"_blank\" rel=\"noopener noreferrer\">=&gt; hier<\/a>.<\/strong><\/p>\n<p><strong>Programminfos:<\/strong><\/p>\n<p><a href=\"https:\/\/emhuisken.de\/wordpress\/wp-content\/uploads\/2017\/08\/PI_Salzk\u00fcstengesang.pdf\"><strong>=&gt; Salzk\u00fcstengesang<\/strong><\/a><br \/>\n<strong><a href=\"http:\/\/emhuisken.de\/wordpress\/wp-content\/uploads\/2014\/06\/PI_G\u00fcntsied.pdf\">=&gt; G\u00fcntsied<\/a><\/strong><br \/>\n<a href=\"http:\/\/emhuisken.de\/wordpress\/wp-content\/uploads\/2014\/06\/PI_Nachtdanz.pdf\"><strong>=&gt; Nachtdanz<br \/>\n<\/strong><\/a><strong><a href=\"https:\/\/emhuisken.de\/wordpress\/wp-content\/uploads\/2015\/12\/PI_L\u00fccht_int_D\u00fcster.pdf\">=&gt; L\u00fccht in&#8217;t D\u00fcster<\/a><\/strong><\/p>\n<p><strong><br \/>\n<\/strong><strong><a href=\"https:\/\/emhuisken.de\/wordpress\/wp-content\/uploads\/2016\/01\/PI_Weltenrand.pdf\">=&gt; Weltenrand<\/a><br \/>\n<a href=\"https:\/\/emhuisken.de\/wordpress\/wp-content\/uploads\/2019\/09\/PI_Lesung_Janko.pdf\">=&gt; Lesung Janko van&#8217;t Holt<\/a><\/strong><br \/>\n<a href=\"http:\/\/emhuisken.de\/wordpress\/wp-content\/uploads\/2017\/08\/PI_Kriminell.pdf\"><strong>=&gt; Kriminell<\/strong><\/a><strong><br \/>\n<a href=\"http:\/\/emhuisken.de\/wordpress\/wp-content\/uploads\/2016\/01\/PI_Luserke.pdf\">=&gt; Martin Luserke<\/a><\/strong><\/p>\n<p><strong>Allgemeine Infos:<\/strong><\/p>\n<p><a href=\"https:\/\/emhuisken.de\/wordpress\/wp-content\/uploads\/2021\/10\/Presseinfo_jank_frison_Duo_kurz.pdf\"><strong>=&gt; Duo jank frison Kurzinfo<\/strong><\/a><br \/>\n<a href=\"https:\/\/emhuisken.de\/wordpress\/wp-content\/uploads\/2021\/10\/Info_mit_Texten_2019.pdf\"><strong>=&gt; Duo jank frison mit friesischen Texten<\/strong><\/a><br \/>\n<strong><a href=\"http:\/\/emhuisken.de\/wordpress\/wp-content\/uploads\/2017\/01\/PI_Em_Huisken_Musik_und_Wort.pdf\">=&gt; Em Huisken &#8211; Musik und Wort<br \/>\n<\/a><\/strong><strong><a href=\"http:\/\/emhuisken.de\/wordpress\/wp-content\/uploads\/2015\/02\/Orga.pdf\">=&gt; Organisatorisches<\/a><\/strong><br \/>\n<strong> <a href=\"http:\/\/emhuisken.de\/wordpress\/wp-content\/uploads\/2015\/02\/Technik.pdf\">=&gt; Technik<\/a><\/strong><br \/>\n<strong> <a href=\"http:\/\/emhuisken.de\/wordpress\/wp-content\/uploads\/2016\/04\/pressestimmen.pdf\">=&gt; Pressestimmen<br \/>\n<\/a><a href=\"http:\/\/emhuisken.de\/wordpress\/wp-content\/uploads\/2017\/08\/Ver\u00f6ffentlichungen.pdf\">=&gt; Ver\u00f6ffentlichungen<\/a><\/strong><\/p>\n<p><strong>Plakate<\/strong> (Achtung &#8211; gro\u00dfe Dateien!)<\/p>\n<p><strong><a href=\"http:\/\/www.emhuisken.de\/plakate\/Em_Huisken_2017_1.pdf\" target=\"_blank\" rel=\"noopener noreferrer\">=&gt; Plakat \u201eAuf der B\u00fchne\u201c<\/a><\/strong><br \/>\n<strong><a href=\"http:\/\/www.emhuisken.de\/plakate\/Em_Huisken_2017_2.pdf\">=&gt; Plakat \u201eFriesische Landschaft\u201c<\/a><\/strong><strong><a href=\"http:\/\/www.emhuisken.de\/plakate\/Em_Huisken_2017_5.pdf\"><br \/>\n=&gt; Plakat \u201eLieders\u00e4nger\u201c<\/a><\/strong><br \/>\n<strong><a href=\"http:\/\/www.emhuisken.de\/plakate\/Worte_und_Weisen_vom_Weltenrand.pdf\">=&gt; Plakat Lesung\u00a0<\/a><\/strong><\/p>\n<p><a href=\"https:\/\/emhuisken.de\/veranstaltungen\" target=\"_blank\" rel=\"noopener noreferrer\"><strong> =&gt; Aktuelle und fr\u00fchere Auftritte<\/strong><\/a><\/p>\n<p><strong>Online-Rezensionen CD jank frison:<br \/>\n<a href=\"http:\/\/www.newfolksounds.nl\/em-huisken-jank-frison\/recensies\/2012\" target=\"_blank\" rel=\"noopener noreferrer\">=&gt; New Folk Sounds<\/a><\/strong><br \/>\n<strong> <a href=\"http:\/\/www.folkworld.eu\/49\/d\/cds1.html#huis\" target=\"_blank\" rel=\"noopener noreferrer\">=&gt; Folkworld<\/a><\/strong><\/p>\n<p><strong>Online-Rezensionen CD G\u00fcntsied:<br \/>\n<a href=\"http:\/\/folkworld.de\/57\/d\/cds1.html\" target=\"_blank\" rel=\"noopener noreferrer\">=&gt; Folkworld<\/a><br \/>\n<\/strong><\/p>\n","protected":false},"excerpt":{"rendered":"<p>Hier gibt es Infos und Downloads f\u00fcr alle, die daran Interesse haben. Hoch aufgel\u00f6ste Fotos kann man \u00fcber die Diaschau rechts downloaden. Musik und Videos findet man =&gt; hier. Programminfos: =&gt; Salzk\u00fcstengesang =&gt; G\u00fcntsied =&gt; Nachtdanz =&gt; L\u00fccht in&#8217;t D\u00fcster =&gt; Weltenrand =&gt; Lesung Janko van&#8217;t Holt =&gt; Kriminell =&gt; Martin Luserke Allgemeine Infos: [&#8230;]<\/p>\n","protected":false},"author":1,"featured_media":0,"parent":2,"menu_order":0,"comment_status":"closed","ping_status":"closed","template":"","meta":{"footnotes":""},"categories":[317],"tags":[235,241,163],"class_list":["post-782","page","type-page","status-publish","hentry","category-allgemein","tag-info","tag-presse","tag-pressefotos"],"yoast_head":"<!-- This site is optimized with the Yoast SEO plugin v27.4 - https:\/\/yoast.com\/product\/yoast-seo-wordpress\/ -->\n<title>Em Huisken - Infos\/Download f\u00fcr Presse und Veranstalter<\/title>\n<meta name=\"description\" content=\"Infos f\u00fcr die Presse und f\u00fcr Veranstalter \u00fcber den Musiker Em Huisken und seine Musik - Pressetexte, Pressestimmen, Rezensionen usw.\" \/>\n<meta name=\"robots\" content=\"index, follow, max-snippet:-1, max-image-preview:large, max-video-preview:-1\" \/>\n<link rel=\"canonical\" href=\"https:\/\/emhuisken.de\/wordpress\/uebermich\/download\/\" \/>\n<meta property=\"og:locale\" content=\"de_DE\" \/>\n<meta property=\"og:type\" content=\"article\" \/>\n<meta property=\"og:title\" content=\"Em Huisken - Infos\/Download f\u00fcr Presse und Veranstalter\" \/>\n<meta property=\"og:description\" content=\"Infos f\u00fcr die Presse und f\u00fcr Veranstalter \u00fcber den Musiker Em Huisken und seine Musik - Pressetexte, Pressestimmen, Rezensionen usw.\" \/>\n<meta property=\"og:url\" content=\"https:\/\/emhuisken.de\/wordpress\/uebermich\/download\/\" \/>\n<meta property=\"og:site_name\" content=\"Musik \u2013 Wort \u2013 Geisteswissenschaft\" \/>\n<meta property=\"article:modified_time\" content=\"2023-07-13T15:45:26+00:00\" \/>\n<meta name=\"twitter:card\" content=\"summary_large_image\" \/>\n<meta name=\"twitter:label1\" content=\"Gesch\u00e4tzte Lesezeit\" \/>\n\t<meta name=\"twitter:data1\" content=\"1\u00a0Minute\" \/>\n<script type=\"application\/ld+json\" class=\"yoast-schema-graph\">{\"@context\":\"https:\\\/\\\/schema.org\",\"@graph\":[{\"@type\":\"WebPage\",\"@id\":\"https:\\\/\\\/emhuisken.de\\\/wordpress\\\/uebermich\\\/download\\\/\",\"url\":\"https:\\\/\\\/emhuisken.de\\\/wordpress\\\/uebermich\\\/download\\\/\",\"name\":\"Em Huisken - Infos\\\/Download f\u00fcr Presse und Veranstalter\",\"isPartOf\":{\"@id\":\"https:\\\/\\\/emhuisken.de\\\/wordpress\\\/#website\"},\"datePublished\":\"2014-06-29T18:22:00+00:00\",\"dateModified\":\"2023-07-13T15:45:26+00:00\",\"description\":\"Infos f\u00fcr die Presse und f\u00fcr Veranstalter \u00fcber den Musiker Em Huisken und seine Musik - Pressetexte, Pressestimmen, Rezensionen usw.\",\"breadcrumb\":{\"@id\":\"https:\\\/\\\/emhuisken.de\\\/wordpress\\\/uebermich\\\/download\\\/#breadcrumb\"},\"inLanguage\":\"de\",\"potentialAction\":[{\"@type\":\"ReadAction\",\"target\":[\"https:\\\/\\\/emhuisken.de\\\/wordpress\\\/uebermich\\\/download\\\/\"]}]},{\"@type\":\"BreadcrumbList\",\"@id\":\"https:\\\/\\\/emhuisken.de\\\/wordpress\\\/uebermich\\\/download\\\/#breadcrumb\",\"itemListElement\":[{\"@type\":\"ListItem\",\"position\":1,\"name\":\"Home\",\"item\":\"https:\\\/\\\/emhuisken.de\\\/wordpress\\\/\"},{\"@type\":\"ListItem\",\"position\":2,\"name\":\"\u00dcber mich\",\"item\":\"https:\\\/\\\/emhuisken.de\\\/wordpress\\\/uebermich\\\/\"},{\"@type\":\"ListItem\",\"position\":3,\"name\":\"Download\"}]},{\"@type\":\"WebSite\",\"@id\":\"https:\\\/\\\/emhuisken.de\\\/wordpress\\\/#website\",\"url\":\"https:\\\/\\\/emhuisken.de\\\/wordpress\\\/\",\"name\":\"Musik \u2013 Wort \u2013 Geisteswissenschaft\",\"description\":\"Ton-, Wort-, Gedankenkunst\",\"publisher\":{\"@id\":\"https:\\\/\\\/emhuisken.de\\\/wordpress\\\/#organization\"},\"potentialAction\":[{\"@type\":\"SearchAction\",\"target\":{\"@type\":\"EntryPoint\",\"urlTemplate\":\"https:\\\/\\\/emhuisken.de\\\/wordpress\\\/?s={search_term_string}\"},\"query-input\":{\"@type\":\"PropertyValueSpecification\",\"valueRequired\":true,\"valueName\":\"search_term_string\"}}],\"inLanguage\":\"de\"},{\"@type\":\"Organization\",\"@id\":\"https:\\\/\\\/emhuisken.de\\\/wordpress\\\/#organization\",\"name\":\"Musik \u2013 Wort \u2013 Geisteswissenschaft\",\"url\":\"https:\\\/\\\/emhuisken.de\\\/wordpress\\\/\",\"logo\":{\"@type\":\"ImageObject\",\"inLanguage\":\"de\",\"@id\":\"https:\\\/\\\/emhuisken.de\\\/wordpress\\\/#\\\/schema\\\/logo\\\/image\\\/\",\"url\":\"https:\\\/\\\/emhuisken.de\\\/wordpress\\\/wp-content\\\/uploads\\\/2014\\\/10\\\/eh_logo_schatten_240x66-1.png\",\"contentUrl\":\"https:\\\/\\\/emhuisken.de\\\/wordpress\\\/wp-content\\\/uploads\\\/2014\\\/10\\\/eh_logo_schatten_240x66-1.png\",\"width\":240,\"height\":66,\"caption\":\"Musik \u2013 Wort \u2013 Geisteswissenschaft\"},\"image\":{\"@id\":\"https:\\\/\\\/emhuisken.de\\\/wordpress\\\/#\\\/schema\\\/logo\\\/image\\\/\"}}]}<\/script>\n<!-- \/ Yoast SEO plugin. -->","yoast_head_json":{"title":"Em Huisken - Infos\/Download f\u00fcr Presse und Veranstalter","description":"Infos f\u00fcr die Presse und f\u00fcr Veranstalter \u00fcber den Musiker Em Huisken und seine Musik - Pressetexte, Pressestimmen, Rezensionen usw.","robots":{"index":"index","follow":"follow","max-snippet":"max-snippet:-1","max-image-preview":"max-image-preview:large","max-video-preview":"max-video-preview:-1"},"canonical":"https:\/\/emhuisken.de\/wordpress\/uebermich\/download\/","og_locale":"de_DE","og_type":"article","og_title":"Em Huisken - Infos\/Download f\u00fcr Presse und Veranstalter","og_description":"Infos f\u00fcr die Presse und f\u00fcr Veranstalter \u00fcber den Musiker Em Huisken und seine Musik - Pressetexte, Pressestimmen, Rezensionen usw.","og_url":"https:\/\/emhuisken.de\/wordpress\/uebermich\/download\/","og_site_name":"Musik \u2013 Wort \u2013 Geisteswissenschaft","article_modified_time":"2023-07-13T15:45:26+00:00","twitter_card":"summary_large_image","twitter_misc":{"Gesch\u00e4tzte Lesezeit":"1\u00a0Minute"},"schema":{"@context":"https:\/\/schema.org","@graph":[{"@type":"WebPage","@id":"https:\/\/emhuisken.de\/wordpress\/uebermich\/download\/","url":"https:\/\/emhuisken.de\/wordpress\/uebermich\/download\/","name":"Em Huisken - Infos\/Download f\u00fcr Presse und Veranstalter","isPartOf":{"@id":"https:\/\/emhuisken.de\/wordpress\/#website"},"datePublished":"2014-06-29T18:22:00+00:00","dateModified":"2023-07-13T15:45:26+00:00","description":"Infos f\u00fcr die Presse und f\u00fcr Veranstalter \u00fcber den Musiker Em Huisken und seine Musik - Pressetexte, Pressestimmen, Rezensionen usw.","breadcrumb":{"@id":"https:\/\/emhuisken.de\/wordpress\/uebermich\/download\/#breadcrumb"},"inLanguage":"de","potentialAction":[{"@type":"ReadAction","target":["https:\/\/emhuisken.de\/wordpress\/uebermich\/download\/"]}]},{"@type":"BreadcrumbList","@id":"https:\/\/emhuisken.de\/wordpress\/uebermich\/download\/#breadcrumb","itemListElement":[{"@type":"ListItem","position":1,"name":"Home","item":"https:\/\/emhuisken.de\/wordpress\/"},{"@type":"ListItem","position":2,"name":"\u00dcber mich","item":"https:\/\/emhuisken.de\/wordpress\/uebermich\/"},{"@type":"ListItem","position":3,"name":"Download"}]},{"@type":"WebSite","@id":"https:\/\/emhuisken.de\/wordpress\/#website","url":"https:\/\/emhuisken.de\/wordpress\/","name":"Musik \u2013 Wort \u2013 Geisteswissenschaft","description":"Ton-, Wort-, Gedankenkunst","publisher":{"@id":"https:\/\/emhuisken.de\/wordpress\/#organization"},"potentialAction":[{"@type":"SearchAction","target":{"@type":"EntryPoint","urlTemplate":"https:\/\/emhuisken.de\/wordpress\/?s={search_term_string}"},"query-input":{"@type":"PropertyValueSpecification","valueRequired":true,"valueName":"search_term_string"}}],"inLanguage":"de"},{"@type":"Organization","@id":"https:\/\/emhuisken.de\/wordpress\/#organization","name":"Musik \u2013 Wort \u2013 Geisteswissenschaft","url":"https:\/\/emhuisken.de\/wordpress\/","logo":{"@type":"ImageObject","inLanguage":"de","@id":"https:\/\/emhuisken.de\/wordpress\/#\/schema\/logo\/image\/","url":"https:\/\/emhuisken.de\/wordpress\/wp-content\/uploads\/2014\/10\/eh_logo_schatten_240x66-1.png","contentUrl":"https:\/\/emhuisken.de\/wordpress\/wp-content\/uploads\/2014\/10\/eh_logo_schatten_240x66-1.png","width":240,"height":66,"caption":"Musik \u2013 Wort \u2013 Geisteswissenschaft"},"image":{"@id":"https:\/\/emhuisken.de\/wordpress\/#\/schema\/logo\/image\/"}}]}},"_links":{"self":[{"href":"https:\/\/emhuisken.de\/wordpress\/wp-json\/wp\/v2\/pages\/782","targetHints":{"allow":["GET"]}}],"collection":[{"href":"https:\/\/emhuisken.de\/wordpress\/wp-json\/wp\/v2\/pages"}],"about":[{"href":"https:\/\/emhuisken.de\/wordpress\/wp-json\/wp\/v2\/types\/page"}],"author":[{"embeddable":true,"href":"https:\/\/emhuisken.de\/wordpress\/wp-json\/wp\/v2\/users\/1"}],"replies":[{"embeddable":true,"href":"https:\/\/emhuisken.de\/wordpress\/wp-json\/wp\/v2\/comments?post=782"}],"version-history":[{"count":24,"href":"https:\/\/emhuisken.de\/wordpress\/wp-json\/wp\/v2\/pages\/782\/revisions"}],"predecessor-version":[{"id":4158,"href":"https:\/\/emhuisken.de\/wordpress\/wp-json\/wp\/v2\/pages\/782\/revisions\/4158"}],"up":[{"embeddable":true,"href":"https:\/\/emhuisken.de\/wordpress\/wp-json\/wp\/v2\/pages\/2"}],"wp:attachment":[{"href":"https:\/\/emhuisken.de\/wordpress\/wp-json\/wp\/v2\/media?parent=782"}],"wp:term":[{"taxonomy":"category","embeddable":true,"href":"https:\/\/emhuisken.de\/wordpress\/wp-json\/wp\/v2\/categories?post=782"},{"taxonomy":"post_tag","embeddable":true,"href":"https:\/\/emhuisken.de\/wordpress\/wp-json\/wp\/v2\/tags?post=782"}],"curies":[{"name":"wp","href":"https:\/\/api.w.org\/{rel}","templated":true}]}}