{"id":2,"date":"2014-05-09T04:35:09","date_gmt":"2014-05-09T03:35:09","guid":{"rendered":"https:\/\/emhuisken.de\/wordpress\/?page_id=2"},"modified":"2020-11-25T19:56:07","modified_gmt":"2020-11-25T18:56:07","slug":"uebermich","status":"publish","type":"page","link":"https:\/\/emhuisken.de\/wordpress\/uebermich\/","title":{"rendered":"\u00dcber mich"},"content":{"rendered":"<div class=\"pdfprnt-buttons pdfprnt-buttons-page pdfprnt-top-right\"><a href=\"https:\/\/emhuisken.de\/wordpress\/wp-json\/wp\/v2\/pages\/2?print=print\" class=\"pdfprnt-button pdfprnt-button-print\" target=\"_blank\" ><img decoding=\"async\" src=\"https:\/\/emhuisken.de\/wordpress\/wp-content\/plugins\/pdf-print\/images\/print.png\" alt=\"image_print\" title=\"Print Content\" \/><span class=\"pdfprnt-button-title pdfprnt-button-print-title\">F\u00fcr l\u00e4ngere Texte empfehle ich vorherigen Ausdruck<\/span><\/a><\/div><div id=\"attachment_868\" style=\"width: 160px\" class=\"wp-caption alignright\"><a href=\"https:\/\/emhuisken.de\/wordpress\/wp-content\/uploads\/2017\/08\/Em_Huisken_Weltenrand.jpg\"><img loading=\"lazy\" decoding=\"async\" aria-describedby=\"caption-attachment-868\" class=\"wp-image-868\" src=\"https:\/\/emhuisken.de\/wordpress\/wp-content\/uploads\/2017\/08\/Em_Huisken_Weltenrand-200x300.jpg\" alt=\"\" width=\"150\" height=\"225\" srcset=\"https:\/\/emhuisken.de\/wordpress\/wp-content\/uploads\/2017\/08\/Em_Huisken_Weltenrand-200x300.jpg 200w, https:\/\/emhuisken.de\/wordpress\/wp-content\/uploads\/2017\/08\/Em_Huisken_Weltenrand-300x450.jpg 300w, https:\/\/emhuisken.de\/wordpress\/wp-content\/uploads\/2017\/08\/Em_Huisken_Weltenrand-683x1024.jpg 683w, https:\/\/emhuisken.de\/wordpress\/wp-content\/uploads\/2017\/08\/Em_Huisken_Weltenrand-768x1152.jpg 768w, https:\/\/emhuisken.de\/wordpress\/wp-content\/uploads\/2017\/08\/Em_Huisken_Weltenrand-600x900.jpg 600w, https:\/\/emhuisken.de\/wordpress\/wp-content\/uploads\/2017\/08\/Em_Huisken_Weltenrand-187x280.jpg 187w, https:\/\/emhuisken.de\/wordpress\/wp-content\/uploads\/2017\/08\/Em_Huisken_Weltenrand-253x380.jpg 253w, https:\/\/emhuisken.de\/wordpress\/wp-content\/uploads\/2017\/08\/Em_Huisken_Weltenrand.jpg 1000w\" sizes=\"auto, (max-width: 150px) 100vw, 150px\" \/><\/a><p id=\"caption-attachment-868\" class=\"wp-caption-text\">Foto: Annele Rewerts<\/p><\/div>\n<p><strong>Stefan Carl em Huisken<\/strong> (*1954, Studium Informatik, P\u00e4dagogik, Lehramt Technik, Deutsch, Musik, Niederl\u00e4ndisch, berufsbe\u00adgleitend Geisteswissenschaft, Sprachgestaltung, Schauspiel, diverse Musikinstru\u00admente) wuchs in einer K\u00fcnstlerfamilie auf, in der Singen, Ge\u00adschichtenerz\u00e4hlen und Schreiben zum All\u00adtag geh\u00f6rte. Musik macht er seit seinem 10. Lebens\u00adjahr, aus dieser Zeit stammt auch sein erstes Gedicht. Seine geisteswissenschaftlichen Studien sind Grundlage f\u00fcr Vortr\u00e4ge, Seminare, regelm\u00e4\u00dfige Arbeitsgruppen und Beratung. Em Huisken lebt seit mehr als 30 Jahren in Norden in Ostfriesland. Seit 2010 f\u00fchren ihn regelm\u00e4\u00dfige Touren durch Nord- und Mitteldeutschland und das nahe Ausland. Eine Zeitlang spielte er in der ostfriesischen Folkband LAWAY mit. Seit 2012 ist er auch als Autor aktiv.<\/p>\n<p>Mehr Informationen auf den Unterseiten:<\/p>\n<ul>\n<li><a href=\"http:\/\/emhuisken.de\/wordpress\/uebermich\/was-mich-umtreibt\/\">Was mich umtreibt<\/a><\/li>\n<li><a href=\"http:\/\/emhuisken.de\/werdegang\">Werdegang &#8211; Em Huisken im Plauderton<\/a><\/li>\n<li><a href=\"http:\/\/emhuisken.de\/wordpress\/uebermich\/allgemeine-informationen\/\">Allgemeine Informationen<\/a><\/li>\n<li><a href=\"https:\/\/emhuisken.de\/wordpress\/uebermich\/download\/\" target=\"_blank\" rel=\"noopener noreferrer\">Infos zum Download\/Presse<\/a><\/li>\n<\/ul>\n","protected":false},"excerpt":{"rendered":"<p>Stefan Carl em Huisken (*1954, Studium Informatik, P\u00e4dagogik, Lehramt Technik, Deutsch, Musik, Niederl\u00e4ndisch, berufsbe\u00adgleitend Geisteswissenschaft, Sprachgestaltung, Schauspiel, diverse Musikinstru\u00admente) wuchs in einer K\u00fcnstlerfamilie auf, in der Singen, Ge\u00adschichtenerz\u00e4hlen und Schreiben zum All\u00adtag geh\u00f6rte. Musik macht er seit seinem 10. Lebens\u00adjahr, aus dieser Zeit stammt auch sein erstes Gedicht. Seine geisteswissenschaftlichen Studien sind Grundlage f\u00fcr [&#8230;]<\/p>\n","protected":false},"author":1,"featured_media":0,"parent":0,"menu_order":0,"comment_status":"closed","ping_status":"closed","template":"","meta":{"footnotes":""},"categories":[317],"tags":[324,323,235,240],"class_list":["post-2","page","type-page","status-publish","hentry","category-allgemein","tag-autor","tag-em-huisken","tag-info","tag-musiker"],"yoast_head":"<!-- This site is optimized with the Yoast SEO plugin v27.4 - https:\/\/yoast.com\/product\/yoast-seo-wordpress\/ -->\n<title>\u00dcber mich - Musik \u2013 Wort \u2013 Geisteswissenschaft<\/title>\n<meta name=\"description\" content=\"\u00dcber mich\" \/>\n<meta name=\"robots\" content=\"index, follow, max-snippet:-1, max-image-preview:large, max-video-preview:-1\" \/>\n<link rel=\"canonical\" href=\"https:\/\/emhuisken.de\/wordpress\/uebermich\/\" \/>\n<meta property=\"og:locale\" content=\"de_DE\" \/>\n<meta property=\"og:type\" content=\"article\" \/>\n<meta property=\"og:title\" content=\"\u00dcber mich - Musik \u2013 Wort \u2013 Geisteswissenschaft\" \/>\n<meta property=\"og:description\" content=\"\u00dcber mich\" \/>\n<meta property=\"og:url\" content=\"https:\/\/emhuisken.de\/wordpress\/uebermich\/\" \/>\n<meta property=\"og:site_name\" content=\"Musik \u2013 Wort \u2013 Geisteswissenschaft\" \/>\n<meta property=\"article:modified_time\" content=\"2020-11-25T18:56:07+00:00\" \/>\n<meta property=\"og:image\" content=\"https:\/\/emhuisken.de\/wordpress\/wp-content\/uploads\/2017\/08\/Em_Huisken_Weltenrand-200x300.jpg\" \/>\n<meta name=\"twitter:card\" content=\"summary_large_image\" \/>\n<meta name=\"twitter:label1\" content=\"Gesch\u00e4tzte Lesezeit\" \/>\n\t<meta name=\"twitter:data1\" content=\"1\u00a0Minute\" \/>\n<script type=\"application\/ld+json\" class=\"yoast-schema-graph\">{\"@context\":\"https:\\\/\\\/schema.org\",\"@graph\":[{\"@type\":\"WebPage\",\"@id\":\"https:\\\/\\\/emhuisken.de\\\/wordpress\\\/uebermich\\\/\",\"url\":\"https:\\\/\\\/emhuisken.de\\\/wordpress\\\/uebermich\\\/\",\"name\":\"\u00dcber mich - Musik \u2013 Wort \u2013 Geisteswissenschaft\",\"isPartOf\":{\"@id\":\"https:\\\/\\\/emhuisken.de\\\/wordpress\\\/#website\"},\"primaryImageOfPage\":{\"@id\":\"https:\\\/\\\/emhuisken.de\\\/wordpress\\\/uebermich\\\/#primaryimage\"},\"image\":{\"@id\":\"https:\\\/\\\/emhuisken.de\\\/wordpress\\\/uebermich\\\/#primaryimage\"},\"thumbnailUrl\":\"https:\\\/\\\/emhuisken.de\\\/wordpress\\\/wp-content\\\/uploads\\\/2017\\\/08\\\/Em_Huisken_Weltenrand-200x300.jpg\",\"datePublished\":\"2014-05-09T03:35:09+00:00\",\"dateModified\":\"2020-11-25T18:56:07+00:00\",\"description\":\"\u00dcber mich\",\"breadcrumb\":{\"@id\":\"https:\\\/\\\/emhuisken.de\\\/wordpress\\\/uebermich\\\/#breadcrumb\"},\"inLanguage\":\"de\",\"potentialAction\":[{\"@type\":\"ReadAction\",\"target\":[\"https:\\\/\\\/emhuisken.de\\\/wordpress\\\/uebermich\\\/\"]}]},{\"@type\":\"ImageObject\",\"inLanguage\":\"de\",\"@id\":\"https:\\\/\\\/emhuisken.de\\\/wordpress\\\/uebermich\\\/#primaryimage\",\"url\":\"https:\\\/\\\/emhuisken.de\\\/wordpress\\\/wp-content\\\/uploads\\\/2017\\\/08\\\/Em_Huisken_Weltenrand.jpg\",\"contentUrl\":\"https:\\\/\\\/emhuisken.de\\\/wordpress\\\/wp-content\\\/uploads\\\/2017\\\/08\\\/Em_Huisken_Weltenrand.jpg\",\"width\":1000,\"height\":1500,\"caption\":\"Foto: Annele Rewerts\"},{\"@type\":\"BreadcrumbList\",\"@id\":\"https:\\\/\\\/emhuisken.de\\\/wordpress\\\/uebermich\\\/#breadcrumb\",\"itemListElement\":[{\"@type\":\"ListItem\",\"position\":1,\"name\":\"Home\",\"item\":\"https:\\\/\\\/emhuisken.de\\\/wordpress\\\/\"},{\"@type\":\"ListItem\",\"position\":2,\"name\":\"\u00dcber mich\"}]},{\"@type\":\"WebSite\",\"@id\":\"https:\\\/\\\/emhuisken.de\\\/wordpress\\\/#website\",\"url\":\"https:\\\/\\\/emhuisken.de\\\/wordpress\\\/\",\"name\":\"Musik \u2013 Wort \u2013 Geisteswissenschaft\",\"description\":\"Ton-, Wort-, Gedankenkunst\",\"publisher\":{\"@id\":\"https:\\\/\\\/emhuisken.de\\\/wordpress\\\/#organization\"},\"potentialAction\":[{\"@type\":\"SearchAction\",\"target\":{\"@type\":\"EntryPoint\",\"urlTemplate\":\"https:\\\/\\\/emhuisken.de\\\/wordpress\\\/?s={search_term_string}\"},\"query-input\":{\"@type\":\"PropertyValueSpecification\",\"valueRequired\":true,\"valueName\":\"search_term_string\"}}],\"inLanguage\":\"de\"},{\"@type\":\"Organization\",\"@id\":\"https:\\\/\\\/emhuisken.de\\\/wordpress\\\/#organization\",\"name\":\"Musik \u2013 Wort \u2013 Geisteswissenschaft\",\"url\":\"https:\\\/\\\/emhuisken.de\\\/wordpress\\\/\",\"logo\":{\"@type\":\"ImageObject\",\"inLanguage\":\"de\",\"@id\":\"https:\\\/\\\/emhuisken.de\\\/wordpress\\\/#\\\/schema\\\/logo\\\/image\\\/\",\"url\":\"https:\\\/\\\/emhuisken.de\\\/wordpress\\\/wp-content\\\/uploads\\\/2014\\\/10\\\/eh_logo_schatten_240x66-1.png\",\"contentUrl\":\"https:\\\/\\\/emhuisken.de\\\/wordpress\\\/wp-content\\\/uploads\\\/2014\\\/10\\\/eh_logo_schatten_240x66-1.png\",\"width\":240,\"height\":66,\"caption\":\"Musik \u2013 Wort \u2013 Geisteswissenschaft\"},\"image\":{\"@id\":\"https:\\\/\\\/emhuisken.de\\\/wordpress\\\/#\\\/schema\\\/logo\\\/image\\\/\"}}]}<\/script>\n<!-- \/ Yoast SEO plugin. -->","yoast_head_json":{"title":"\u00dcber mich - Musik \u2013 Wort \u2013 Geisteswissenschaft","description":"\u00dcber mich","robots":{"index":"index","follow":"follow","max-snippet":"max-snippet:-1","max-image-preview":"max-image-preview:large","max-video-preview":"max-video-preview:-1"},"canonical":"https:\/\/emhuisken.de\/wordpress\/uebermich\/","og_locale":"de_DE","og_type":"article","og_title":"\u00dcber mich - Musik \u2013 Wort \u2013 Geisteswissenschaft","og_description":"\u00dcber mich","og_url":"https:\/\/emhuisken.de\/wordpress\/uebermich\/","og_site_name":"Musik \u2013 Wort \u2013 Geisteswissenschaft","article_modified_time":"2020-11-25T18:56:07+00:00","og_image":[{"url":"https:\/\/emhuisken.de\/wordpress\/wp-content\/uploads\/2017\/08\/Em_Huisken_Weltenrand-200x300.jpg","type":"","width":"","height":""}],"twitter_card":"summary_large_image","twitter_misc":{"Gesch\u00e4tzte Lesezeit":"1\u00a0Minute"},"schema":{"@context":"https:\/\/schema.org","@graph":[{"@type":"WebPage","@id":"https:\/\/emhuisken.de\/wordpress\/uebermich\/","url":"https:\/\/emhuisken.de\/wordpress\/uebermich\/","name":"\u00dcber mich - Musik \u2013 Wort \u2013 Geisteswissenschaft","isPartOf":{"@id":"https:\/\/emhuisken.de\/wordpress\/#website"},"primaryImageOfPage":{"@id":"https:\/\/emhuisken.de\/wordpress\/uebermich\/#primaryimage"},"image":{"@id":"https:\/\/emhuisken.de\/wordpress\/uebermich\/#primaryimage"},"thumbnailUrl":"https:\/\/emhuisken.de\/wordpress\/wp-content\/uploads\/2017\/08\/Em_Huisken_Weltenrand-200x300.jpg","datePublished":"2014-05-09T03:35:09+00:00","dateModified":"2020-11-25T18:56:07+00:00","description":"\u00dcber mich","breadcrumb":{"@id":"https:\/\/emhuisken.de\/wordpress\/uebermich\/#breadcrumb"},"inLanguage":"de","potentialAction":[{"@type":"ReadAction","target":["https:\/\/emhuisken.de\/wordpress\/uebermich\/"]}]},{"@type":"ImageObject","inLanguage":"de","@id":"https:\/\/emhuisken.de\/wordpress\/uebermich\/#primaryimage","url":"https:\/\/emhuisken.de\/wordpress\/wp-content\/uploads\/2017\/08\/Em_Huisken_Weltenrand.jpg","contentUrl":"https:\/\/emhuisken.de\/wordpress\/wp-content\/uploads\/2017\/08\/Em_Huisken_Weltenrand.jpg","width":1000,"height":1500,"caption":"Foto: Annele Rewerts"},{"@type":"BreadcrumbList","@id":"https:\/\/emhuisken.de\/wordpress\/uebermich\/#breadcrumb","itemListElement":[{"@type":"ListItem","position":1,"name":"Home","item":"https:\/\/emhuisken.de\/wordpress\/"},{"@type":"ListItem","position":2,"name":"\u00dcber mich"}]},{"@type":"WebSite","@id":"https:\/\/emhuisken.de\/wordpress\/#website","url":"https:\/\/emhuisken.de\/wordpress\/","name":"Musik \u2013 Wort \u2013 Geisteswissenschaft","description":"Ton-, Wort-, Gedankenkunst","publisher":{"@id":"https:\/\/emhuisken.de\/wordpress\/#organization"},"potentialAction":[{"@type":"SearchAction","target":{"@type":"EntryPoint","urlTemplate":"https:\/\/emhuisken.de\/wordpress\/?s={search_term_string}"},"query-input":{"@type":"PropertyValueSpecification","valueRequired":true,"valueName":"search_term_string"}}],"inLanguage":"de"},{"@type":"Organization","@id":"https:\/\/emhuisken.de\/wordpress\/#organization","name":"Musik \u2013 Wort \u2013 Geisteswissenschaft","url":"https:\/\/emhuisken.de\/wordpress\/","logo":{"@type":"ImageObject","inLanguage":"de","@id":"https:\/\/emhuisken.de\/wordpress\/#\/schema\/logo\/image\/","url":"https:\/\/emhuisken.de\/wordpress\/wp-content\/uploads\/2014\/10\/eh_logo_schatten_240x66-1.png","contentUrl":"https:\/\/emhuisken.de\/wordpress\/wp-content\/uploads\/2014\/10\/eh_logo_schatten_240x66-1.png","width":240,"height":66,"caption":"Musik \u2013 Wort \u2013 Geisteswissenschaft"},"image":{"@id":"https:\/\/emhuisken.de\/wordpress\/#\/schema\/logo\/image\/"}}]}},"_links":{"self":[{"href":"https:\/\/emhuisken.de\/wordpress\/wp-json\/wp\/v2\/pages\/2","targetHints":{"allow":["GET"]}}],"collection":[{"href":"https:\/\/emhuisken.de\/wordpress\/wp-json\/wp\/v2\/pages"}],"about":[{"href":"https:\/\/emhuisken.de\/wordpress\/wp-json\/wp\/v2\/types\/page"}],"author":[{"embeddable":true,"href":"https:\/\/emhuisken.de\/wordpress\/wp-json\/wp\/v2\/users\/1"}],"replies":[{"embeddable":true,"href":"https:\/\/emhuisken.de\/wordpress\/wp-json\/wp\/v2\/comments?post=2"}],"version-history":[{"count":17,"href":"https:\/\/emhuisken.de\/wordpress\/wp-json\/wp\/v2\/pages\/2\/revisions"}],"predecessor-version":[{"id":2429,"href":"https:\/\/emhuisken.de\/wordpress\/wp-json\/wp\/v2\/pages\/2\/revisions\/2429"}],"wp:attachment":[{"href":"https:\/\/emhuisken.de\/wordpress\/wp-json\/wp\/v2\/media?parent=2"}],"wp:term":[{"taxonomy":"category","embeddable":true,"href":"https:\/\/emhuisken.de\/wordpress\/wp-json\/wp\/v2\/categories?post=2"},{"taxonomy":"post_tag","embeddable":true,"href":"https:\/\/emhuisken.de\/wordpress\/wp-json\/wp\/v2\/tags?post=2"}],"curies":[{"name":"wp","href":"https:\/\/api.w.org\/{rel}","templated":true}]}}